{"version":"1.0","provider_name":"Soliris.brussels","provider_url":"https:\/\/soliris.brussels\/fr","author_name":"Camelia","author_url":"https:\/\/soliris.brussels\/fr\/association-vereniging\/camelia\/","title":"Quinzaine de la Solidarit\u00e9 internationale&nbsp;: soir\u00e9e d\u2019ouverture - Soliris.brussels","type":"rich","width":600,"height":338,"html":"<blockquote class=\"wp-embedded-content\" data-secret=\"riLqiRB0lc\"><a href=\"https:\/\/soliris.brussels\/fr\/agenda\/quinzaine-de-la-solidarite-internationale-soiree-douverture\/\">Quinzaine de la Solidarit\u00e9 internationale&nbsp;: soir\u00e9e d\u2019ouverture<\/a><\/blockquote><iframe sandbox=\"allow-scripts\" security=\"restricted\" src=\"https:\/\/soliris.brussels\/fr\/agenda\/quinzaine-de-la-solidarite-internationale-soiree-douverture\/embed\/#?secret=riLqiRB0lc\" width=\"600\" height=\"338\" title=\"\u00ab\u00a0Quinzaine de la Solidarit\u00e9 internationale&nbsp;: soir\u00e9e d\u2019ouverture\u00a0\u00bb &#8212; Soliris.brussels\" data-secret=\"riLqiRB0lc\" frameborder=\"0\" marginwidth=\"0\" marginheight=\"0\" scrolling=\"no\" class=\"wp-embedded-content\"><\/iframe><script type=\"text\/javascript\">\n\/* <![CDATA[ *\/\n\/*! This file is auto-generated *\/\n!function(d,l){\"use strict\";l.querySelector&&d.addEventListener&&\"undefined\"!=typeof URL&&(d.wp=d.wp||{},d.wp.receiveEmbedMessage||(d.wp.receiveEmbedMessage=function(e){var t=e.data;if((t||t.secret||t.message||t.value)&&!\/[^a-zA-Z0-9]\/.test(t.secret)){for(var s,r,n,a=l.querySelectorAll('iframe[data-secret=\"'+t.secret+'\"]'),o=l.querySelectorAll('blockquote[data-secret=\"'+t.secret+'\"]'),c=new RegExp(\"^https?:$\",\"i\"),i=0;i<o.length;i++)o[i].style.display=\"none\";for(i=0;i<a.length;i++)s=a[i],e.source===s.contentWindow&&(s.removeAttribute(\"style\"),\"height\"===t.message?(1e3<(r=parseInt(t.value,10))?r=1e3:~~r<200&&(r=200),s.height=r):\"link\"===t.message&&(r=new URL(s.getAttribute(\"src\")),n=new URL(t.value),c.test(n.protocol))&&n.host===r.host&&l.activeElement===s&&(d.top.location.href=t.value))}},d.addEventListener(\"message\",d.wp.receiveEmbedMessage,!1),l.addEventListener(\"DOMContentLoaded\",function(){for(var e,t,s=l.querySelectorAll(\"iframe.wp-embedded-content\"),r=0;r<s.length;r++)(t=(e=s[r]).getAttribute(\"data-secret\"))||(t=Math.random().toString(36).substring(2,12),e.src+=\"#?secret=\"+t,e.setAttribute(\"data-secret\",t)),e.contentWindow.postMessage({message:\"ready\",secret:t},\"*\")},!1)))}(window,document);\n\/\/# sourceURL=https:\/\/soliris.brussels\/wp-includes\/js\/wp-embed.min.js\n\/* ]]> *\/\n<\/script>\n","thumbnail_url":"https:\/\/soliris.brussels\/wp-content\/uploads\/2024\/09\/Sergio-et-Colette_0.png","thumbnail_width":600,"thumbnail_height":442,"description":"La Quin\u00adzaine de la Soli\u00adda\u00adri\u00adt\u00e9 Inter\u00adna\u00adtio\u00adnale 2024 est consa\u00adcr\u00e9e \u00e0&nbsp;la th\u00e9\u00adma\u00adtique&nbsp;\u201cLa construc\u00adtion de la&nbsp;paix\u201d. Nous avons le plai\u00adsir de vous invi\u00adter \u00e0&nbsp;la soi\u00adr\u00e9e d\u2019ou\u00adver\u00adture et de lan\u00adcer ensemble le d\u00e9but de cette Quinzaine&nbsp;! PROGRAMME&nbsp;: 18h15&nbsp;: Ouver\u00adture des portes 18h45&nbsp;: Mot d\u2019introduction du Bourg\u00admestre et de l\u2019Echevin de la Soli\u00adda\u00adri\u00adt\u00e9 inter\u00adna\u00adtio\u00adnale de la Ville de Bruxelles [&hellip;]"}