{"version":"1.0","provider_name":"Soliris.brussels","provider_url":"https:\/\/soliris.brussels\/fr","author_name":"Camelia","author_url":"https:\/\/soliris.brussels\/fr\/association-vereniging\/camelia\/","title":"Expo photo&nbsp;: \u201cY\u00e9zidi, du g\u00e9nocide \u00e0&nbsp;la recontruction&nbsp;?\u201d - Soliris.brussels","type":"rich","width":600,"height":338,"html":"<blockquote class=\"wp-embedded-content\" data-secret=\"vR6eR3zgHR\"><a href=\"https:\/\/soliris.brussels\/fr\/agenda\/expo-photo-yezidi-du-genocide-a-la-recontruction\/\">Expo photo&nbsp;: \u201cY\u00e9zidi, du g\u00e9nocide \u00e0&nbsp;la recontruction&nbsp;?\u201d<\/a><\/blockquote><iframe sandbox=\"allow-scripts\" security=\"restricted\" src=\"https:\/\/soliris.brussels\/fr\/agenda\/expo-photo-yezidi-du-genocide-a-la-recontruction\/embed\/#?secret=vR6eR3zgHR\" width=\"600\" height=\"338\" title=\"\u00ab\u00a0Expo photo&nbsp;: \u201cY\u00e9zidi, du g\u00e9nocide \u00e0&nbsp;la recontruction&nbsp;?\u201d\u00a0\u00bb &#8212; Soliris.brussels\" data-secret=\"vR6eR3zgHR\" frameborder=\"0\" marginwidth=\"0\" marginheight=\"0\" scrolling=\"no\" class=\"wp-embedded-content\"><\/iframe><script type=\"text\/javascript\">\n\/* <![CDATA[ *\/\n\/*! This file is auto-generated *\/\n!function(d,l){\"use strict\";l.querySelector&&d.addEventListener&&\"undefined\"!=typeof URL&&(d.wp=d.wp||{},d.wp.receiveEmbedMessage||(d.wp.receiveEmbedMessage=function(e){var t=e.data;if((t||t.secret||t.message||t.value)&&!\/[^a-zA-Z0-9]\/.test(t.secret)){for(var s,r,n,a=l.querySelectorAll('iframe[data-secret=\"'+t.secret+'\"]'),o=l.querySelectorAll('blockquote[data-secret=\"'+t.secret+'\"]'),c=new RegExp(\"^https?:$\",\"i\"),i=0;i<o.length;i++)o[i].style.display=\"none\";for(i=0;i<a.length;i++)s=a[i],e.source===s.contentWindow&&(s.removeAttribute(\"style\"),\"height\"===t.message?(1e3<(r=parseInt(t.value,10))?r=1e3:~~r<200&&(r=200),s.height=r):\"link\"===t.message&&(r=new URL(s.getAttribute(\"src\")),n=new URL(t.value),c.test(n.protocol))&&n.host===r.host&&l.activeElement===s&&(d.top.location.href=t.value))}},d.addEventListener(\"message\",d.wp.receiveEmbedMessage,!1),l.addEventListener(\"DOMContentLoaded\",function(){for(var e,t,s=l.querySelectorAll(\"iframe.wp-embedded-content\"),r=0;r<s.length;r++)(t=(e=s[r]).getAttribute(\"data-secret\"))||(t=Math.random().toString(36).substring(2,12),e.src+=\"#?secret=\"+t,e.setAttribute(\"data-secret\",t)),e.contentWindow.postMessage({message:\"ready\",secret:t},\"*\")},!1)))}(window,document);\n\/\/# sourceURL=https:\/\/soliris.brussels\/wp-includes\/js\/wp-embed.min.js\n\/* ]]> *\/\n<\/script>\n","thumbnail_url":"https:\/\/soliris.brussels\/wp-content\/uploads\/2023\/09\/affiche-expo.jpg","thumbnail_width":841,"thumbnail_height":1190,"description":"Dans le cadre de sa r\u00e9flexion sur les droits humains, la com\u00admune de Woluwe-Saint-Pierre vous pro\u00adpose de d\u00e9cou\u00advrir la com\u00admu\u00adnau\u00adt\u00e9 y\u00e9zi\u00addie et sa culture unique qui a&nbsp;sur\u00adv\u00e9\u00adcu aux crimes de g\u00e9no\u00adcide com\u00admis par l\u2019\u00c9tat isla\u00admique, au tra\u00advers de deux \u00e9v\u00e9nements&nbsp;: Expo\u00adsi\u00adtion pho\u00adto \u201cY\u00e9zi\u00addis, du g\u00e9no\u00adcide \u00e0&nbsp;la recons\u00adtruc\u00adtion ?\u201d, de Johan\u00adna de Tes\u00adsi\u00e8res (avec les textes [&hellip;]"}